{"id":176,"date":"2016-04-07T11:28:48","date_gmt":"2016-04-07T09:28:48","guid":{"rendered":"http:\/\/www.schulezumroemerturm.de\/wordpress\/?page_id=176"},"modified":"2025-02-05T10:34:39","modified_gmt":"2025-02-05T09:34:39","slug":"berufspraxisstufe","status":"publish","type":"page","link":"https:\/\/www.schulezumroemerturm.de\/index.php\/berufspraxisstufe\/","title":{"rendered":"Berufspraxisstufe"},"content":{"rendered":"<p style=\"text-align: justify;\">Um jeden einzelnen Sch\u00fcler nach seinen individuellen M\u00f6glichkeiten auf das Leben eines jungen Erwachsenen so umfassend wie m\u00f6glich vorzubereiten, werden die drei Bereiche &#8222;Wohnen&#8220;, &#8222;Arbeit&#8220; und &#8222;Freizeit&#8220; in den letzten zwei bis drei Schulbesuchsjahren vor dem Abschluss als Hauptf\u00e4cher unterrichtet. Darin flie\u00dfen die Weiterentwicklung von Kenntnissen in Mathematik, Deutsch und Sachkunde mit ein.<\/p>\n<h2 style=\"text-align: justify;\">Wohnen<\/h2>\n<p style=\"text-align: justify;\">Um die Sch\u00fclerinnen und Sch\u00fcler auf das Wohnen vorzubereiten, absolvieren die jungen Erwachsenen der Berufspraxisstufen alle zwei Jahre eine dreiw\u00f6chige Projektwoche. In diesen Tagen besuchen sie verschiedene Wohneinrichtungen und Wohnformen (Wohngemeinschaften, Einzelappartements, betreutes Wohnen etc.) und sprechen mit Institutionen und Personen, die sie nach der Schule begleiten (KoKoBe, BeWo-Anbieter, gesetzliche Betreuerinnen und Betreuer).<\/p>\n<p><img loading=\"lazy\" decoding=\"async\" class=\"wp-image-468 size-medium alignleft\" src=\"http:\/\/www.schulezumroemerturm.de\/wp-content\/uploads\/2016\/04\/blees-alina-226x300.jpg\" alt=\"blees alina\" width=\"226\" height=\"300\" \/><\/p>\n<p style=\"text-align: justify;\">Dar\u00fcber hinaus \u00fcben die Sch\u00fclerinnen und Sch\u00fcler verschiedene wichtige Reinigungsarten (Fensterputzen, Staubsaugen, Staubwischen, Badezimmer reinigen etc.), \u00a0den Umgang mit Elektroger\u00e4ten und die Ausf\u00fchrung von Sicherheitsma\u00dfnahmen (Notruf absetzen, Erstversorgung von Wunden, Umgang mit dem Feuerl\u00f6scher).<\/p>\n<figure id=\"attachment_1368\" aria-describedby=\"caption-attachment-1368\" style=\"width: 300px\" class=\"wp-caption alignleft\"><img loading=\"lazy\" decoding=\"async\" class=\"wp-image-1368 size-medium\" src=\"http:\/\/www.schulezumroemerturm.de\/wp-content\/uploads\/2017\/02\/Wohntraining_2017_5-300x200.jpg\" width=\"300\" height=\"200\" srcset=\"https:\/\/www.schulezumroemerturm.de\/wp-content\/uploads\/2017\/02\/Wohntraining_2017_5-300x200.jpg 300w, https:\/\/www.schulezumroemerturm.de\/wp-content\/uploads\/2017\/02\/Wohntraining_2017_5.jpg 1024w\" sizes=\"auto, (max-width: 300px) 100vw, 300px\" \/><figcaption id=\"caption-attachment-1368\" class=\"wp-caption-text\">Nicht allen Sch\u00fclern f\u00e4llt das Beziehen eines Bettes so leicht wie diesem BVB-Fan bei der Durchf\u00fchrung der Projektwoche.<\/figcaption><\/figure>\n<p style=\"text-align: justify;\">\n<p style=\"text-align: justify;\">\n<h2 style=\"text-align: justify;\">Arbeit<\/h2>\n<p style=\"text-align: justify;\">Im Unterrichtsfach Arbeitslehre machen die Sch\u00fclerinnen und Sch\u00fcler erste Erfahrungen mit den unterschiedlichen Anforderungen des Arbeitslebens. Organisation und Inhalte des Unterrichts sind:<\/p>\n<ul style=\"text-align: justify;\">\n<li>Aufbau und F\u00f6rderung von Schl\u00fcsselkompetenzen<\/li>\n<li>Klassen\u00fcbergreifender Kooperationsunterricht in den Bereichen Holz-, Metall-, Textil-, Tonwerken, Hauswirtschaft sowie W\u00e4schepflege<\/li>\n<li>findet einmal w\u00f6chentlich \u00fcber einen Vormittag hinweg statt<\/li>\n<\/ul>\n<figure id=\"attachment_1285\" aria-describedby=\"caption-attachment-1285\" style=\"width: 225px\" class=\"wp-caption alignleft\"><img loading=\"lazy\" decoding=\"async\" class=\"wp-image-1285 size-medium\" src=\"http:\/\/www.schulezumroemerturm.de\/wp-content\/uploads\/2016\/12\/Praktikum_Reha_2016-225x300.jpg\" width=\"225\" height=\"300\" srcset=\"https:\/\/www.schulezumroemerturm.de\/wp-content\/uploads\/2016\/12\/Praktikum_Reha_2016-225x300.jpg 225w, https:\/\/www.schulezumroemerturm.de\/wp-content\/uploads\/2016\/12\/Praktikum_Reha_2016.jpg 768w\" sizes=\"auto, (max-width: 225px) 100vw, 225px\" \/><figcaption id=\"caption-attachment-1285\" class=\"wp-caption-text\">pl\u00f6tzlich ist das k\u00f6rperlich anstrengende Berufsleben ganz nah: Sch\u00fcler beim Praktikum im Versand<\/figcaption><\/figure>\n<p style=\"text-align: justify;\">Parallel zum Unterricht in der Schule absolvieren die Sch\u00fclerinnen und Sch\u00fcler zwei obligatorische Praktika in der Werkstatt f\u00fcr behinderte Menschen (WfbM)\u00a0in Bergheim Zieverich, sowie, je nach Kompetenzen der jungen Erwachsenen,\u00a0Praktika in Betrieben des ersten Arbeitsmarktes.<\/p>\n<p style=\"text-align: justify;\">Kooperationen mit dem Integrationsfachdienst, der Arbeitsagentur f\u00fcr Arbeit und den Reha-Betrieben Erftland sorgen f\u00fcr eine individuelle und zielgerichtete Vorbereitung jedes Sch\u00fclers und jeder Sch\u00fclerin auf das nachschulische Arbeitsleben.<\/p>\n<h2 style=\"text-align: justify;\">Freizeit<\/h2>\n<p style=\"text-align: justify;\"><img loading=\"lazy\" decoding=\"async\" class=\"size-medium wp-image-905 alignleft\" src=\"http:\/\/www.schulezumroemerturm.de\/wp-content\/uploads\/2016\/04\/Freizeit_1-300x200.jpg\" alt=\"Freizeit_1\" width=\"300\" height=\"200\" srcset=\"https:\/\/www.schulezumroemerturm.de\/wp-content\/uploads\/2016\/04\/Freizeit_1-300x200.jpg 300w, https:\/\/www.schulezumroemerturm.de\/wp-content\/uploads\/2016\/04\/Freizeit_1.jpg 1024w\" sizes=\"auto, (max-width: 300px) 100vw, 300px\" \/>Sich sinnvoll und altersgerecht in seiner Freizeitgestaltung besch\u00e4ftigen zu k\u00f6nnen, ist ein wichtiger Ausgleich zur Arbeit. Insbesondere f\u00fcr Menschen, die im \u201eBetreuten Wohnen\u201c leben, ist es wichtig, freie Zeit individuell erf\u00fcllend gestalten zu k\u00f6nnen, um selbstbewusst und aktiv am gesellschaftlichen Leben teilzuhaben.<\/p>\n<ul>\n<li style=\"text-align: justify;\">Freizeiterziehung\u00a0\u00a0\u00a0\u00a0(z.B. Sport ,Malen nach\u00a0Zahlen,\u00a0Spiele,\u00a0Handarbeiten)<\/li>\n<li style=\"text-align: justify;\">verlagerter\u00a0\u00a0\u00a0\u00a0Unterricht,\u00a0\u00a0um\u00a0altersgem\u00e4\u00dfe\u00a0\u00a0\u00a0Ideen\/Interessen\u00a0zur\u00a0Freizeitgestaltung\u00a0zu entdecken<\/li>\n<li style=\"text-align: justify;\">verschiedene Hobbys\u00a0ausprobieren<\/li>\n<li style=\"text-align: justify;\">Freizeitangebote\u00a0f\u00fcr\u00a0Menschen\u00a0mit\u00a0Behinderung\u00a0wahrnehmen\u00a0\u00a0(KoKoBe)<\/li>\n<li style=\"text-align: justify;\">W\u00fcnsche\/Ideen\u00a0zur\u00a0Freizeitgestaltung benennen\u00a0\/organisieren<\/li>\n<li style=\"text-align: justify;\">sich\u00a0\u00a0auf\u00a0Neues\/Unbekanntes\u00a0\u00a0einstellen\u00a0k\u00f6nnen<\/li>\n<li style=\"text-align: justify;\">mit Bus und Bahn fahren<\/li>\n<li style=\"text-align: justify;\">\u00a0Strukturierung\u00a0 der\u00a0Zeit\u00a0(Woche\/Tag)<\/li>\n<\/ul>\n","protected":false},"excerpt":{"rendered":"<p>Um jeden einzelnen Sch\u00fcler nach seinen individuellen M\u00f6glichkeiten auf das Leben eines jungen Erwachsenen so umfassend wie m\u00f6glich vorzubereiten, werden die drei Bereiche &#8222;Wohnen&#8220;, &#8222;Arbeit&#8220; und &#8222;Freizeit&#8220; in den letzten zwei bis drei Schulbesuchsjahren vor dem Abschluss als Hauptf\u00e4cher unterrichtet. Darin flie\u00dfen die Weiterentwicklung von Kenntnissen in Mathematik, Deutsch und Sachkunde mit ein. Wohnen Um &hellip; <a href=\"https:\/\/www.schulezumroemerturm.de\/index.php\/berufspraxisstufe\/\" class=\"more-link\"><span class=\"screen-reader-text\">Berufspraxisstufe<\/span> weiterlesen <span class=\"meta-nav\">&rarr;<\/span><\/a><\/p>\n","protected":false},"author":2,"featured_media":0,"parent":0,"menu_order":0,"comment_status":"closed","ping_status":"closed","template":"","meta":{"footnotes":""},"class_list":["post-176","page","type-page","status-publish","hentry"],"_links":{"self":[{"href":"https:\/\/www.schulezumroemerturm.de\/index.php\/wp-json\/wp\/v2\/pages\/176","targetHints":{"allow":["GET"]}}],"collection":[{"href":"https:\/\/www.schulezumroemerturm.de\/index.php\/wp-json\/wp\/v2\/pages"}],"about":[{"href":"https:\/\/www.schulezumroemerturm.de\/index.php\/wp-json\/wp\/v2\/types\/page"}],"author":[{"embeddable":true,"href":"https:\/\/www.schulezumroemerturm.de\/index.php\/wp-json\/wp\/v2\/users\/2"}],"replies":[{"embeddable":true,"href":"https:\/\/www.schulezumroemerturm.de\/index.php\/wp-json\/wp\/v2\/comments?post=176"}],"version-history":[{"count":16,"href":"https:\/\/www.schulezumroemerturm.de\/index.php\/wp-json\/wp\/v2\/pages\/176\/revisions"}],"predecessor-version":[{"id":6377,"href":"https:\/\/www.schulezumroemerturm.de\/index.php\/wp-json\/wp\/v2\/pages\/176\/revisions\/6377"}],"wp:attachment":[{"href":"https:\/\/www.schulezumroemerturm.de\/index.php\/wp-json\/wp\/v2\/media?parent=176"}],"curies":[{"name":"wp","href":"https:\/\/api.w.org\/{rel}","templated":true}]}}